{"id":39,"date":"2014-11-21T22:39:07","date_gmt":"2014-11-21T20:39:07","guid":{"rendered":"http:\/\/www.wababbel.de\/ekelundekstase\/?page_id=39"},"modified":"2020-10-15T08:32:35","modified_gmt":"2020-10-15T08:32:35","slug":"ueber","status":"publish","type":"page","link":"https:\/\/ekelundekstase.wababbel.de\/?page_id=39","title":{"rendered":"\u00dcber diesen Blog"},"content":{"rendered":"<p><img loading=\"lazy\" decoding=\"async\" class=\"aligncenter wp-image-958 size-full\" src=\"https:\/\/ekelundekstase.wababbel.de\/wp-content\/uploads\/2020\/10\/anschlag-typenwalze_neu435-e1602750709357.png\" alt=\"\" width=\"630\" height=\"148\" srcset=\"https:\/\/ekelundekstase.wababbel.de\/wp-content\/uploads\/2020\/10\/anschlag-typenwalze_neu435-e1602750709357.png 630w, https:\/\/ekelundekstase.wababbel.de\/wp-content\/uploads\/2020\/10\/anschlag-typenwalze_neu435-e1602750709357-300x70.png 300w\" sizes=\"auto, (max-width: 630px) 100vw, 630px\" \/><\/p>\n<p>Zettelnotizen wie die oben abgebildete sind nur ein kleiner Teil des Textkorpus, das als Nachlass Martin Karrers angesehen werden kann; eines Autors, der das Schreiben von Notiz- und Tageb\u00fcchern stets als M\u00f6glichkeit verstand, die eigene Identit\u00e4t zu kodieren \u2013 sie zu verschl\u00fcsseln und damit entschl\u00fcsselbar zu machen.<\/p>\n<p>\u00bbEs kann nicht darum gehen, sich abzuschreiben\u00ab, schreibt Karrer zu Beginn eines unvollendet gebliebenen Romans mit dem Titel \u00bbDie Irrungen des Martin K.\u00ab, und der gleiche Satz steht als Pr\u00e4ambel seines Tagebuchs, das allein dadurch seine Orientierung auf einen potentiellen Leser offenbart und das ich hier, zusammen mit Karrers ungeordneten Notizen, unter dem \u2013 so hoffe ich \u2013 treffenden Namen \u00bbEkel und Ekstase\u00ab pr\u00e4sentieren m\u00f6chte. Ich w\u00e4hle das Medium Blog aufgrund seiner inh\u00e4renten F\u00e4higkeit, Zerst\u00fcckeltem, Angefangenem und Abgebrochenem zugleich Individualit\u00e4t und eine sinnstiftende Identit\u00e4t zu verleihen. Der Gefahr, Martin Karrer dadurch selbst zur Figur zu machen, setze ich mich bewusst aus \u2013 denn wie anders soll man sich vom Ende her einem n\u00e4hern, der bereits gegangen ist?<\/p>\n<p>\u00bbFliederbl\u00fcten in l\u00e4ngst abgelebten Stuben\u00ab, \u00bbGelber\u00fcbensaft\u00ab \u2013 wieviel von dem, was wir mit bestimmten Motiven verbinden, l\u00e4sst sich durch sie kommunizieren? Und nur, weil wir etwas benennen k\u00f6nnen, es ablegen k\u00f6nnen in den \u00bbRegistern von Damals und Heute\u00ab \u2013 was ist damit gewonnen im Ringen um eine souver\u00e4ne Existenz, die doch zwangsl\u00e4ufig einen souver\u00e4nen Ausdruck bedingt und vice versa?<\/p>\n<p>Wenn sich der Anspruch auf Urheberschaft \u2013 eingedenk der Skepsis gegen\u00fcber allem Romanhaften, die sich durch das Werk Karrers zieht \u2013 nicht auf ge- oder beschriebenem Leben, sondern auf gelebtem Schreiben begr\u00fcnden l\u00e4sst, wird klar, dass wir in Karrers Notizen und Tagebucheintr\u00e4gen mehr sehen m\u00fcssen als den Versuch, Alltag zeitnah in Worte zu fassen; es ist das Bestreben, die vom Strom (der Zeit und der Gedanken) glattgeschliffenen Kiesel aufzulesen.<\/p>\n<p style=\"text-align: right;\">\u2013 Jan Weidner<\/p>\n","protected":false},"excerpt":{"rendered":"<p>Zettelnotizen wie die oben abgebildete sind nur ein kleiner Teil des Textkorpus, das als Nachlass Martin Karrers angesehen werden kann; eines Autors, der das Schreiben von Notiz- und Tageb\u00fcchern stets als M\u00f6glichkeit verstand, die eigene Identit\u00e4t zu kodieren \u2013 sie zu verschl\u00fcsseln und damit entschl\u00fcsselbar zu machen. \u00bbEs kann nicht darum gehen, sich abzuschreiben\u00ab, schreibt [&hellip;]<\/p>\n","protected":false},"author":23,"featured_media":0,"parent":0,"menu_order":0,"comment_status":"closed","ping_status":"closed","template":"","meta":{"footnotes":""},"class_list":["post-39","page","type-page","status-publish","hentry"],"_links":{"self":[{"href":"https:\/\/ekelundekstase.wababbel.de\/index.php?rest_route=\/wp\/v2\/pages\/39","targetHints":{"allow":["GET"]}}],"collection":[{"href":"https:\/\/ekelundekstase.wababbel.de\/index.php?rest_route=\/wp\/v2\/pages"}],"about":[{"href":"https:\/\/ekelundekstase.wababbel.de\/index.php?rest_route=\/wp\/v2\/types\/page"}],"author":[{"embeddable":true,"href":"https:\/\/ekelundekstase.wababbel.de\/index.php?rest_route=\/wp\/v2\/users\/23"}],"replies":[{"embeddable":true,"href":"https:\/\/ekelundekstase.wababbel.de\/index.php?rest_route=%2Fwp%2Fv2%2Fcomments&post=39"}],"version-history":[{"count":14,"href":"https:\/\/ekelundekstase.wababbel.de\/index.php?rest_route=\/wp\/v2\/pages\/39\/revisions"}],"predecessor-version":[{"id":960,"href":"https:\/\/ekelundekstase.wababbel.de\/index.php?rest_route=\/wp\/v2\/pages\/39\/revisions\/960"}],"wp:attachment":[{"href":"https:\/\/ekelundekstase.wababbel.de\/index.php?rest_route=%2Fwp%2Fv2%2Fmedia&parent=39"}],"curies":[{"name":"wp","href":"https:\/\/api.w.org\/{rel}","templated":true}]}}